{"id":363,"date":"2013-12-17T13:13:24","date_gmt":"2013-12-17T12:13:24","guid":{"rendered":"http:\/\/tallerscanbiel.com\/?page_id=363"},"modified":"2014-03-25T13:27:23","modified_gmt":"2014-03-25T12:27:23","slug":"compromisos-de-servei","status":"publish","type":"page","link":"https:\/\/tallerscanbiel.com\/ca\/empresa\/compromisos-de-servei\/","title":{"rendered":"Compromisos de servei"},"content":{"rendered":"<div id=\"aq-template-wrapper-454\" class=\"aq-template-wrapper aq_row\"><div id=\"aq-block-454-1\" class=\"aq-block aq-block-met_page_header aq_span12 aq-first clearfix\">\r\n\t\t\t<div class=\"row-fluid\">\r\n\t\t\t\t<div class=\"span12\">\r\n\t\t\t\t\t<div class=\"met_page_header met_bgcolor5 clearfix\">\r\n\t\t\t\t\t\t<h1 class=\"met_bgcolor met_color2\">Compromisos de servei<\/h1>\r\n\t\t\t\t\t\t<h2 class=\"met_color2\">Confiam en la nostra feina&nbsp;<\/h2>\r\n\t\t\t\t\t<\/div>\r\n\t\t\t\t<\/div>\r\n\t\t\t<\/div><\/div><div id=\"aq-block-454-2\" class=\"aq-block aq-block-met_text_block aq_span12 aq-first clearfix\">\t\t<div class=\"row-fluid\">\r\n\t\t\t<div class=\"span12\">\r\n\t\t\t\t<div class=\"met_text_block\" style=\"font-size:14px;line-height:21px;background-color:#F1F4F7!important;color:#65676F!important;padding: 30\"><p>En una aposta per la millora constant hem dissenyat els nostres <strong>compromisos de servei al&nbsp;client<\/strong>. Per poder millorar el nivell de satisfacci&oacute; dels nostres clients hem establert nostres m&iacute;nims de servei.<\/p>\n <div class=\"clearfix\"><\/div><\/div>\r\n\t\t\t<\/div>\r\n\t\t<\/div>\r\n<\/div><div id=\"aq-block-454-3\" class=\"aq-block aq-block-met_tabs_block aq_span12 aq-first clearfix\"><div id=\"met_69f2c9763199e\" class=\"accordion met_accordion scrolled\">\r\n\t\t\t\t\t<div class=\"accordion-group scrolled__item\">\r\n\t\t\t\t\t\t<div class=\"accordion-heading\">\r\n\t\t\t\t\t\t\t<a class=\"accordion-toggle in\" data-toggle=\"collapse\" data-parent=\"#met_69f2c9763199e\" href=\"#collapse_2_69f2c9763199f\">\r\n\t\t\t\t\t\t\t\t<span class=\"met_toggle_text\">\u221a Ampli horari d'atenci\u00f3 al p\u00fablic: de dilluns a divendres, de 7h a 19h<\/span>\r\n\t\t\t\t\t\t\t\t<span class=\"met_icon_minus\"><\/span>\r\n\t\t\t\t\t\t\t<\/a>\r\n\t\t\t\t\t\t<\/div>\r\n\t\t\t\t\t\t<div id=\"collapse_2_69f2c9763199f\" class=\"accordion-body collapse in\">\r\n\t\t\t\t\t\t\t<div class=\"accordion-inner\"><p>Els nostres tallers estan obert de dilluns a divendres, de 7 del mat\u00ed a 19 del capvespre ininterrompudament. Si necessita que el seu vehicle sigui reparat en el menor temps possible, nosaltres som la seva soluci\u00f3.<br \/>\nTamb\u00e9 pot posar-se en contacte amb nosaltres per concertar una cita i aix\u00ed assegurar-se que disposar\u00e0 del seu vehicle quan ho necessiti.<\/p>\n<\/div>\r\n\t\t\t\t\t\t<\/div>\r\n\t\t\t\t\t<\/div><!-- Accordion Group Ends -->\r\n\t\t\t\t\t\r\n\t\t\t\t\t<div class=\"accordion-group scrolled__item\">\r\n\t\t\t\t\t\t<div class=\"accordion-heading\">\r\n\t\t\t\t\t\t\t<a class=\"accordion-toggle collapsed\" data-toggle=\"collapse\" data-parent=\"#met_69f2c9763199e\" href=\"#collapse_3_69f2c976319ab\">\r\n\t\t\t\t\t\t\t\t<span class=\"met_toggle_text\">\u221a Rapidesa i efici\u00e8ncia: s\u2019han acabat els temps morts<\/span>\r\n\t\t\t\t\t\t\t\t<span class=\"met_icon_plus\"><\/span>\r\n\t\t\t\t\t\t\t<\/a>\r\n\t\t\t\t\t\t<\/div>\r\n\t\t\t\t\t\t<div id=\"collapse_3_69f2c976319ab\" class=\"accordion-body collapse collapsed\">\r\n\t\t\t\t\t\t\t<div class=\"accordion-inner\"><p>Tallers Ca'n Biel compta amb un modern sistema de gesti\u00f3 de treball que permet assignar a cada professional les tasques d'una manera eficient, dedicant tot el temps necessari a les seves reparacions per\u00f2 sense temps morts.<\/p>\n<\/div>\r\n\t\t\t\t\t\t<\/div>\r\n\t\t\t\t\t<\/div><!-- Accordion Group Ends -->\r\n\t\t\t\t\t\r\n\t\t\t\t\t<div class=\"accordion-group scrolled__item\">\r\n\t\t\t\t\t\t<div class=\"accordion-heading\">\r\n\t\t\t\t\t\t\t<a class=\"accordion-toggle collapsed\" data-toggle=\"collapse\" data-parent=\"#met_69f2c9763199e\" href=\"#collapse_4_69f2c976319b1\">\r\n\t\t\t\t\t\t\t\t<span class=\"met_toggle_text\">\u221a Professionalitat i efic\u00e0cia: el millor i m\u00e9s format equip<\/span>\r\n\t\t\t\t\t\t\t\t<span class=\"met_icon_plus\"><\/span>\r\n\t\t\t\t\t\t\t<\/a>\r\n\t\t\t\t\t\t<\/div>\r\n\t\t\t\t\t\t<div id=\"collapse_4_69f2c976319b1\" class=\"accordion-body collapse collapsed\">\r\n\t\t\t\t\t\t\t<div class=\"accordion-inner\"><p>Els nostres mec\u00e0nics s\u00f3n professionals altament qualificats i especialitzats en cadascuna de les seves \u00e0rees de treball.  A m\u00e9s, Tallers Can Biel, compta amb els seus propis programes de formaci\u00f3 que permeten assegurar els est\u00e0ndards de qualitat apostant per la tecnologia m\u00e9s innovadora.<\/p>\n<\/div>\r\n\t\t\t\t\t\t<\/div>\r\n\t\t\t\t\t<\/div><!-- Accordion Group Ends -->\r\n\t\t\t\t\t\r\n\t\t\t\t\t<div class=\"accordion-group scrolled__item\">\r\n\t\t\t\t\t\t<div class=\"accordion-heading\">\r\n\t\t\t\t\t\t\t<a class=\"accordion-toggle collapsed\" data-toggle=\"collapse\" data-parent=\"#met_69f2c9763199e\" href=\"#collapse_5_69f2c976319b6\">\r\n\t\t\t\t\t\t\t\t<span class=\"met_toggle_text\">\u221a Extensa cartera de serveis: un servei integral<\/span>\r\n\t\t\t\t\t\t\t\t<span class=\"met_icon_plus\"><\/span>\r\n\t\t\t\t\t\t\t<\/a>\r\n\t\t\t\t\t\t<\/div>\r\n\t\t\t\t\t\t<div id=\"collapse_5_69f2c976319b6\" class=\"accordion-body collapse collapsed\">\r\n\t\t\t\t\t\t\t<div class=\"accordion-inner\"><p>Tallers Ca'n Biel ofereix un servei complet i integral per al manteniment i reparaci\u00f3 de qualsevol tipus de vehicle.  El seu vehicle no sortir\u00e0 de les nostres instal\u00b7lacions i les solucions que li oferirem sempre comptaran amb una visi\u00f3 \u00edntegra de la maquin\u00e0ria i el conjunt del cotxe.<\/p>\n<\/div>\r\n\t\t\t\t\t\t<\/div>\r\n\t\t\t\t\t<\/div><!-- Accordion Group Ends -->\r\n\t\t\t\t\t\r\n\t\t\t\t\t<div class=\"accordion-group scrolled__item\">\r\n\t\t\t\t\t\t<div class=\"accordion-heading\">\r\n\t\t\t\t\t\t\t<a class=\"accordion-toggle collapsed\" data-toggle=\"collapse\" data-parent=\"#met_69f2c9763199e\" href=\"#collapse_6_69f2c976319bb\">\r\n\t\t\t\t\t\t\t\t<span class=\"met_toggle_text\">\u221a \u00c0mplia garantia: confiam en el nostre treball<\/span>\r\n\t\t\t\t\t\t\t\t<span class=\"met_icon_plus\"><\/span>\r\n\t\t\t\t\t\t\t<\/a>\r\n\t\t\t\t\t\t<\/div>\r\n\t\t\t\t\t\t<div id=\"collapse_6_69f2c976319bb\" class=\"accordion-body collapse collapsed\">\r\n\t\t\t\t\t\t\t<div class=\"accordion-inner\"><p>Confiam en el nostre treball i la nostra professionalitat i per aix\u00f2 li oferim una garantia ampliada en totes les nostres reparacions. No dubti en consultar al nostre equip d'atenci\u00f3 al client.<\/p>\n<\/div>\r\n\t\t\t\t\t\t<\/div>\r\n\t\t\t\t\t<\/div><!-- Accordion Group Ends -->\r\n\t\t\t\t\t\r\n\t\t\t\t\t<div class=\"accordion-group scrolled__item\">\r\n\t\t\t\t\t\t<div class=\"accordion-heading\">\r\n\t\t\t\t\t\t\t<a class=\"accordion-toggle collapsed\" data-toggle=\"collapse\" data-parent=\"#met_69f2c9763199e\" href=\"#collapse_7_69f2c976319c2\">\r\n\t\t\t\t\t\t\t\t<span class=\"met_toggle_text\">\u221a Treballem amb les millors marques: nom\u00e9s el millor i al millor preu<\/span>\r\n\t\t\t\t\t\t\t\t<span class=\"met_icon_plus\"><\/span>\r\n\t\t\t\t\t\t\t<\/a>\r\n\t\t\t\t\t\t<\/div>\r\n\t\t\t\t\t\t<div id=\"collapse_7_69f2c976319c2\" class=\"accordion-body collapse collapsed\">\r\n\t\t\t\t\t\t\t<div class=\"accordion-inner\"><p>Per fer una bona feina necessitam materials de primera. Per aix\u00f2 sempre treballem amb els millors recanvis per a cada marca o tipus de vehicle, aix\u00ed com marques de primera en materials i maquin\u00e0ria.<br \/>\nPer\u00f2 millor no \u00e9s sin\u00f2nim de car: \u00e9s la millor relaci\u00f3 qualitat-preu. Consulti els nostres pressupostos i descobrir\u00e0 el preu de la qualitat.<\/p>\n<\/div>\r\n\t\t\t\t\t\t<\/div>\r\n\t\t\t\t\t<\/div><!-- Accordion Group Ends -->\r\n\t\t\t\t\t\r\n\t\t\t\t\t<div class=\"accordion-group scrolled__item\">\r\n\t\t\t\t\t\t<div class=\"accordion-heading\">\r\n\t\t\t\t\t\t\t<a class=\"accordion-toggle collapsed\" data-toggle=\"collapse\" data-parent=\"#met_69f2c9763199e\" href=\"#collapse_8_69f2c976319c7\">\r\n\t\t\t\t\t\t\t\t<span class=\"met_toggle_text\">\u221a Vehicle de substituci\u00f3: la seva mobilitat est\u00e0 garantida<\/span>\r\n\t\t\t\t\t\t\t\t<span class=\"met_icon_plus\"><\/span>\r\n\t\t\t\t\t\t\t<\/a>\r\n\t\t\t\t\t\t<\/div>\r\n\t\t\t\t\t\t<div id=\"collapse_8_69f2c976319c7\" class=\"accordion-body collapse collapsed\">\r\n\t\t\t\t\t\t\t<div class=\"accordion-inner\"><p>Si la reparaci\u00f3 del seu vehicle \u00e9s complexa o t\u00e9 necessitat de tenir sempre un vehicle, a Tallers Ca'n Biel li oferim una \u00e0mplia gamma de vehicles de substituci\u00f3 que es poden adaptar a les seves necessitats com a conductor.<\/p>\n<\/div>\r\n\t\t\t\t\t\t<\/div>\r\n\t\t\t\t\t<\/div><!-- Accordion Group Ends -->\r\n\t\t\t\t\t\r\n\t\t\t\t\t<div class=\"accordion-group scrolled__item\">\r\n\t\t\t\t\t\t<div class=\"accordion-heading\">\r\n\t\t\t\t\t\t\t<a class=\"accordion-toggle collapsed\" data-toggle=\"collapse\" data-parent=\"#met_69f2c9763199e\" href=\"#collapse_9_69f2c976319cc\">\r\n\t\t\t\t\t\t\t\t<span class=\"met_toggle_text\">\u221a Recollida a domicili: eviti despla\u00e7aments innecessaris<\/span>\r\n\t\t\t\t\t\t\t\t<span class=\"met_icon_plus\"><\/span>\r\n\t\t\t\t\t\t\t<\/a>\r\n\t\t\t\t\t\t<\/div>\r\n\t\t\t\t\t\t<div id=\"collapse_9_69f2c976319cc\" class=\"accordion-body collapse collapsed\">\r\n\t\t\t\t\t\t\t<div class=\"accordion-inner\"><p>Nom\u00e9s hi ha una cosa que ens preocupi m\u00e9s d'oferir el millor manteniment i reparaci\u00f3 de les seves vehicle: oferir-li a vost\u00e8 un bon servei. Per aix\u00f2, en casos justificats, podem anar a buscar el seu vehicle i deixar-li un cotxe de substituci\u00f3 perqu\u00e8 pugui evitar despla\u00e7aments.<\/p>\n<\/div>\r\n\t\t\t\t\t\t<\/div>\r\n\t\t\t\t\t<\/div><!-- Accordion Group Ends -->\r\n\t\t\t\t\t<\/div><\/div><\/div>\n","protected":false},"excerpt":{"rendered":"","protected":false},"author":1,"featured_media":0,"parent":166,"menu_order":0,"comment_status":"closed","ping_status":"closed","template":"","meta":{"footnotes":""},"class_list":["post-363","page","type-page","status-publish","hentry"],"yoast_head":"<!-- This site is optimized with the Yoast SEO plugin v26.8 - https:\/\/yoast.com\/product\/yoast-seo-wordpress\/ -->\n<title>Compromisos de servei - Tallers Ca&#039;n Biel<\/title>\n<meta name=\"robots\" content=\"index, follow, max-snippet:-1, max-image-preview:large, max-video-preview:-1\" \/>\n<link rel=\"canonical\" href=\"https:\/\/tallerscanbiel.com\/ca\/empresa\/compromisos-de-servei\/\" \/>\n<meta property=\"og:locale\" content=\"ca_ES\" \/>\n<meta property=\"og:type\" content=\"article\" \/>\n<meta property=\"og:title\" content=\"Compromisos de servei - Tallers Ca&#039;n Biel\" \/>\n<meta property=\"og:url\" content=\"https:\/\/tallerscanbiel.com\/ca\/empresa\/compromisos-de-servei\/\" \/>\n<meta property=\"og:site_name\" content=\"Tallers Ca&#039;n Biel\" \/>\n<meta property=\"article:modified_time\" content=\"2014-03-25T12:27:23+00:00\" \/>\n<script type=\"application\/ld+json\" class=\"yoast-schema-graph\">{\"@context\":\"https:\/\/schema.org\",\"@graph\":[{\"@type\":\"WebPage\",\"@id\":\"https:\/\/tallerscanbiel.com\/ca\/empresa\/compromisos-de-servei\/\",\"url\":\"https:\/\/tallerscanbiel.com\/ca\/empresa\/compromisos-de-servei\/\",\"name\":\"Compromisos de servei - Tallers Ca&#039;n Biel\",\"isPartOf\":{\"@id\":\"https:\/\/tallerscanbiel.com\/#website\"},\"datePublished\":\"2013-12-17T12:13:24+00:00\",\"dateModified\":\"2014-03-25T12:27:23+00:00\",\"breadcrumb\":{\"@id\":\"https:\/\/tallerscanbiel.com\/ca\/empresa\/compromisos-de-servei\/#breadcrumb\"},\"inLanguage\":\"ca\",\"potentialAction\":[{\"@type\":\"ReadAction\",\"target\":[\"https:\/\/tallerscanbiel.com\/ca\/empresa\/compromisos-de-servei\/\"]}]},{\"@type\":\"BreadcrumbList\",\"@id\":\"https:\/\/tallerscanbiel.com\/ca\/empresa\/compromisos-de-servei\/#breadcrumb\",\"itemListElement\":[{\"@type\":\"ListItem\",\"position\":1,\"name\":\"Home\",\"item\":\"https:\/\/tallerscanbiel.com\/ca\/\"},{\"@type\":\"ListItem\",\"position\":2,\"name\":\"Taller Ca&#8217;n Biel\",\"item\":\"https:\/\/tallerscanbiel.com\/ca\/empresa\/\"},{\"@type\":\"ListItem\",\"position\":3,\"name\":\"Compromisos de servei\"}]},{\"@type\":\"WebSite\",\"@id\":\"https:\/\/tallerscanbiel.com\/#website\",\"url\":\"https:\/\/tallerscanbiel.com\/\",\"name\":\"Tallers Ca&#039;n Biel\",\"description\":\"Inca - Loseta\",\"potentialAction\":[{\"@type\":\"SearchAction\",\"target\":{\"@type\":\"EntryPoint\",\"urlTemplate\":\"https:\/\/tallerscanbiel.com\/?s={search_term_string}\"},\"query-input\":{\"@type\":\"PropertyValueSpecification\",\"valueRequired\":true,\"valueName\":\"search_term_string\"}}],\"inLanguage\":\"ca\"}]}<\/script>\n<!-- \/ Yoast SEO plugin. -->","yoast_head_json":{"title":"Compromisos de servei - Tallers Ca&#039;n Biel","robots":{"index":"index","follow":"follow","max-snippet":"max-snippet:-1","max-image-preview":"max-image-preview:large","max-video-preview":"max-video-preview:-1"},"canonical":"https:\/\/tallerscanbiel.com\/ca\/empresa\/compromisos-de-servei\/","og_locale":"ca_ES","og_type":"article","og_title":"Compromisos de servei - Tallers Ca&#039;n Biel","og_url":"https:\/\/tallerscanbiel.com\/ca\/empresa\/compromisos-de-servei\/","og_site_name":"Tallers Ca&#039;n Biel","article_modified_time":"2014-03-25T12:27:23+00:00","schema":{"@context":"https:\/\/schema.org","@graph":[{"@type":"WebPage","@id":"https:\/\/tallerscanbiel.com\/ca\/empresa\/compromisos-de-servei\/","url":"https:\/\/tallerscanbiel.com\/ca\/empresa\/compromisos-de-servei\/","name":"Compromisos de servei - Tallers Ca&#039;n Biel","isPartOf":{"@id":"https:\/\/tallerscanbiel.com\/#website"},"datePublished":"2013-12-17T12:13:24+00:00","dateModified":"2014-03-25T12:27:23+00:00","breadcrumb":{"@id":"https:\/\/tallerscanbiel.com\/ca\/empresa\/compromisos-de-servei\/#breadcrumb"},"inLanguage":"ca","potentialAction":[{"@type":"ReadAction","target":["https:\/\/tallerscanbiel.com\/ca\/empresa\/compromisos-de-servei\/"]}]},{"@type":"BreadcrumbList","@id":"https:\/\/tallerscanbiel.com\/ca\/empresa\/compromisos-de-servei\/#breadcrumb","itemListElement":[{"@type":"ListItem","position":1,"name":"Home","item":"https:\/\/tallerscanbiel.com\/ca\/"},{"@type":"ListItem","position":2,"name":"Taller Ca&#8217;n Biel","item":"https:\/\/tallerscanbiel.com\/ca\/empresa\/"},{"@type":"ListItem","position":3,"name":"Compromisos de servei"}]},{"@type":"WebSite","@id":"https:\/\/tallerscanbiel.com\/#website","url":"https:\/\/tallerscanbiel.com\/","name":"Tallers Ca&#039;n Biel","description":"Inca - Loseta","potentialAction":[{"@type":"SearchAction","target":{"@type":"EntryPoint","urlTemplate":"https:\/\/tallerscanbiel.com\/?s={search_term_string}"},"query-input":{"@type":"PropertyValueSpecification","valueRequired":true,"valueName":"search_term_string"}}],"inLanguage":"ca"}]}},"_links":{"self":[{"href":"https:\/\/tallerscanbiel.com\/ca\/wp-json\/wp\/v2\/pages\/363","targetHints":{"allow":["GET"]}}],"collection":[{"href":"https:\/\/tallerscanbiel.com\/ca\/wp-json\/wp\/v2\/pages"}],"about":[{"href":"https:\/\/tallerscanbiel.com\/ca\/wp-json\/wp\/v2\/types\/page"}],"author":[{"embeddable":true,"href":"https:\/\/tallerscanbiel.com\/ca\/wp-json\/wp\/v2\/users\/1"}],"replies":[{"embeddable":true,"href":"https:\/\/tallerscanbiel.com\/ca\/wp-json\/wp\/v2\/comments?post=363"}],"version-history":[{"count":2,"href":"https:\/\/tallerscanbiel.com\/ca\/wp-json\/wp\/v2\/pages\/363\/revisions"}],"predecessor-version":[{"id":470,"href":"https:\/\/tallerscanbiel.com\/ca\/wp-json\/wp\/v2\/pages\/363\/revisions\/470"}],"up":[{"embeddable":true,"href":"https:\/\/tallerscanbiel.com\/ca\/wp-json\/wp\/v2\/pages\/166"}],"wp:attachment":[{"href":"https:\/\/tallerscanbiel.com\/ca\/wp-json\/wp\/v2\/media?parent=363"}],"curies":[{"name":"wp","href":"https:\/\/api.w.org\/{rel}","templated":true}]}}