{"id":367,"date":"2013-12-17T13:05:39","date_gmt":"2013-12-17T12:05:39","guid":{"rendered":"http:\/\/tallerscanbiel.com\/?page_id=367"},"modified":"2014-03-25T13:40:41","modified_gmt":"2014-03-25T12:40:41","slug":"les-nostres-installacions","status":"publish","type":"page","link":"https:\/\/tallerscanbiel.com\/ca\/empresa\/les-nostres-installacions\/","title":{"rendered":"Les nostres instal\u00b7lacions"},"content":{"rendered":"<div id=\"aq-template-wrapper-460\" class=\"aq-template-wrapper aq_row\"><div id=\"aq-block-460-1\" class=\"aq-block aq-block-met_page_header aq_span12 aq-first clearfix\">\r\n\t\t\t<div class=\"row-fluid\">\r\n\t\t\t\t<div class=\"span12\">\r\n\t\t\t\t\t<div class=\"met_page_header met_bgcolor5 clearfix\">\r\n\t\t\t\t\t\t<h1 class=\"met_bgcolor met_color2\">Les nostres instal\u00b7lacions<\/h1>\r\n\t\t\t\t\t\t<h2 class=\"met_color2\">1400 m2 de servei&nbsp;<\/h2>\r\n\t\t\t\t\t<\/div>\r\n\t\t\t\t<\/div>\r\n\t\t\t<\/div><\/div><div id=\"aq-block-460-2\" class=\"aq-block aq-block-met_text_block aq_span12 aq-first clearfix\">\t\t<div class=\"row-fluid\">\r\n\t\t\t<div class=\"span12\">\r\n\t\t\t\t<div class=\"met_text_block\" style=\"font-size:14px;line-height:21px;background-color:#F1F4F7!important;color:#65676F!important;padding: 30\"><p>Un dels elements diferenciadors de <strong><span style=\"color:#FF0000;\">Taller Ca&#39;n Biel<\/span><\/strong> <strong>&eacute;s el car&agrave;cter integral del seu servei<\/strong>. Per poder donar aquesta soluci&oacute; completa compta amb <strong>dos centres de treball<\/strong> que, en conjunt, suposen <strong>1400 metres quadrats al servei del seu vehicle.<\/strong><br \/>\nEl nostre tallers estan dotats amb les <strong>&uacute;ltimes tecnologies i maquin&agrave;ria m&eacute;s innovadora,<\/strong> per&ograve; sobretot, amb un equip de professionals formats i eficients. A cada centre tamb&eacute; trobar&agrave; un <strong>servei d&#39;atenci&oacute; al client<\/strong> on resoldre tots els dubtes i rebre les explicacions que necessiti.<br \/>\nEls dos tallers estan situats a escassos quil&ograve;metres de dist&agrave;ncia i estan units per molt bones vies.<\/p>\n <div class=\"clearfix\"><\/div><\/div>\r\n\t\t\t<\/div>\r\n\t\t<\/div>\r\n<\/div><div id=\"aq-block-460-3\" class=\"aq-block aq-block-met_portfolio aq_span12 aq-first clearfix\">\r\n\r\n\t\t<div class=\"row-fluid met_portfolio_row\">\r\n\t\t\t\t\t\t\t\t\t<div class=\"span6 clearfix\">\r\n\r\n\t\t\t\t\t\t\t\t<div class=\"met_portfolio_item_preview_wrap clearfix\">\r\n\t\t\t\t\t<a href=\"https:\/\/tallerscanbiel.com\/ca\/portfolio\/taller-inca\/\" class=\"met_portfolio_item_preview\"><img decoding=\"async\" src=\"https:\/\/tallerscanbiel.com\/wp-content\/uploads\/2014\/06\/inca_WEb-370x195.png\" alt=\"\"\/><\/a>\r\n\t\t\t\t\t<div class=\"met_portfolio_item_overlay met_bgcolor6_trans\">\r\n\t\t\t\t\t\t<a href=\"https:\/\/tallerscanbiel.com\/wp-content\/uploads\/2014\/06\/inca_WEb.png\" rel=\"lb_113\" class=\"met_bgcolor met_color2 met_bgcolor_transition2\"><i class=\"icon-camera\"><\/i><\/a>\r\n\t\t\t\t\t\t<a href=\"https:\/\/tallerscanbiel.com\/ca\/portfolio\/taller-inca\/\" class=\"met_bgcolor met_color2 met_bgcolor_transition2\"><i class=\"icon-link\"><\/i><\/a>\r\n\t\t\t\t\t<\/div>\r\n\t\t\t\t<\/div>\r\n\t\t\t\t\r\n\t\t\t\t\r\n\t\t\t\t\r\n\t\t\t\t<div class=\"met_portfolio_item_details clearfix\">\r\n\t\t\t\t\t<div class=\"met_portfolio_item_descr met_bgcolor3\">\r\n\t\t\t\t\t\t<div class=\"met_color2\">\r\n\t\t\t\t\t\t\t<a href=\"https:\/\/tallerscanbiel.com\/ca\/portfolio\/taller-inca\/\"><h3 class=\"met_color2 met_bold_one met_color_transition\">Taller Inca<\/h3><\/a>\r\n\t\t\t\t\t\t\t<p><p>El centre de treball d&#8217;Inca \u00e9s el bess\u00f3 de Tallers Ca&#8217;n Biel. 700 m2 d&#8217;instal\u00b7lacions i amb un equip de set persones per oferir-li el millor servei de mec\u00e0nica general.<\/p>\n<\/p>\r\n\t\t\t\t\t\t<\/div>\r\n\t\t\t\t\t<\/div>\r\n\t\t\t\t\t<div class=\"met_portfolio_item_share met_color2 met_bgcolor\">\r\n\t\t\t\t\t\t<span>SHARE<\/span>\r\n\t\t\t\t\t\t<div class=\"met_portfolio_item_socials\">\r\n\t\t\t\t\t\t\t<div>\r\n\t\t\t\t\t\t\t\t<a class=\"met_color2\" title=\"Share This on Facebook\" target=\"_blank\" href=\"http:\/\/www.facebook.com\/sharer.php?u=https:\/\/tallerscanbiel.com\/ca\/portfolio\/taller-inca\/\"><i class=\"icon-facebook\"><\/i><\/a>\r\n\t\t\t\t\t\t\t\t<a class=\"met_color2\" title=\"Tweet This on Twitter\" target=\"_blank\" href=\"http:\/\/twitter.com\/home?status=Taller Inca - https:\/\/tallerscanbiel.com\/ca\/portfolio\/taller-inca\/\"><i class=\"icon-twitter\"><\/i><\/a>\r\n\t\t\t\t\t\t\t\t<a class=\"met_color2\" title=\"Share This on Google+\" target=\"_blank\" href=\"https:\/\/plus.google.com\/share?url=https:\/\/tallerscanbiel.com\/ca\/portfolio\/taller-inca\/\"><i class=\"icon-google-plus\"><\/i><\/a>\r\n\t\t\t\t\t\t\t<\/div>\r\n\t\t\t\t\t\t<\/div>\r\n\t\t\t\t\t<\/div>\r\n\t\t\t\t<\/div>\r\n\t\t\t<\/div>\r\n\t\t\t\t\t\t\t\t\t<div class=\"span6 clearfix\">\r\n\r\n\t\t\t\t\t\t\t\t<div class=\"met_portfolio_item_preview_wrap clearfix\">\r\n\t\t\t\t\t<a href=\"https:\/\/tallerscanbiel.com\/ca\/portfolio\/taller-lloseta\/\" class=\"met_portfolio_item_preview\"><img decoding=\"async\" src=\"https:\/\/tallerscanbiel.com\/wp-content\/uploads\/2017\/06\/portal-370x195.png\" alt=\"\"\/><\/a>\r\n\t\t\t\t\t<div class=\"met_portfolio_item_overlay met_bgcolor6_trans\">\r\n\t\t\t\t\t\t<a href=\"https:\/\/tallerscanbiel.com\/wp-content\/uploads\/2017\/06\/portal.png\" rel=\"lb_106\" class=\"met_bgcolor met_color2 met_bgcolor_transition2\"><i class=\"icon-camera\"><\/i><\/a>\r\n\t\t\t\t\t\t<a href=\"https:\/\/tallerscanbiel.com\/ca\/portfolio\/taller-lloseta\/\" class=\"met_bgcolor met_color2 met_bgcolor_transition2\"><i class=\"icon-link\"><\/i><\/a>\r\n\t\t\t\t\t<\/div>\r\n\t\t\t\t<\/div>\r\n\t\t\t\t\r\n\t\t\t\t\r\n\t\t\t\t\r\n\t\t\t\t<div class=\"met_portfolio_item_details clearfix\">\r\n\t\t\t\t\t<div class=\"met_portfolio_item_descr met_bgcolor3\">\r\n\t\t\t\t\t\t<div class=\"met_color2\">\r\n\t\t\t\t\t\t\t<a href=\"https:\/\/tallerscanbiel.com\/ca\/portfolio\/taller-lloseta\/\"><h3 class=\"met_color2 met_bold_one met_color_transition\">Taller Lloseta<\/h3><\/a>\r\n\t\t\t\t\t\t\t<p><p>El centre de treball del Pol\u00edgon de Lloseta es va posar en marxa l&#8217;any 2010. \u00c9s l&#8217;espai dedicat al manteniment i reparaci\u00f3 de carrosseria (xapa i pintura) i llunes<\/p>\n<\/p>\r\n\t\t\t\t\t\t<\/div>\r\n\t\t\t\t\t<\/div>\r\n\t\t\t\t\t<div class=\"met_portfolio_item_share met_color2 met_bgcolor\">\r\n\t\t\t\t\t\t<span>SHARE<\/span>\r\n\t\t\t\t\t\t<div class=\"met_portfolio_item_socials\">\r\n\t\t\t\t\t\t\t<div>\r\n\t\t\t\t\t\t\t\t<a class=\"met_color2\" title=\"Share This on Facebook\" target=\"_blank\" href=\"http:\/\/www.facebook.com\/sharer.php?u=https:\/\/tallerscanbiel.com\/ca\/portfolio\/taller-lloseta\/\"><i class=\"icon-facebook\"><\/i><\/a>\r\n\t\t\t\t\t\t\t\t<a class=\"met_color2\" title=\"Tweet This on Twitter\" target=\"_blank\" href=\"http:\/\/twitter.com\/home?status=Taller Lloseta - https:\/\/tallerscanbiel.com\/ca\/portfolio\/taller-lloseta\/\"><i class=\"icon-twitter\"><\/i><\/a>\r\n\t\t\t\t\t\t\t\t<a class=\"met_color2\" title=\"Share This on Google+\" target=\"_blank\" href=\"https:\/\/plus.google.com\/share?url=https:\/\/tallerscanbiel.com\/ca\/portfolio\/taller-lloseta\/\"><i class=\"icon-google-plus\"><\/i><\/a>\r\n\t\t\t\t\t\t\t<\/div>\r\n\t\t\t\t\t\t<\/div>\r\n\t\t\t\t\t<\/div>\r\n\t\t\t\t<\/div>\r\n\t\t\t<\/div>\r\n\t\t\t\t\t<\/div>\r\n\r\n\t\t\r\n<\/div><\/div>\n","protected":false},"excerpt":{"rendered":"","protected":false},"author":1,"featured_media":0,"parent":166,"menu_order":0,"comment_status":"closed","ping_status":"closed","template":"","meta":{"footnotes":""},"class_list":["post-367","page","type-page","status-publish","hentry"],"yoast_head":"<!-- This site is optimized with the Yoast SEO plugin v26.8 - https:\/\/yoast.com\/product\/yoast-seo-wordpress\/ -->\n<title>Les nostres instal\u00b7lacions - Tallers Ca&#039;n Biel<\/title>\n<meta name=\"robots\" content=\"index, follow, max-snippet:-1, max-image-preview:large, max-video-preview:-1\" \/>\n<link rel=\"canonical\" href=\"https:\/\/tallerscanbiel.com\/ca\/empresa\/les-nostres-installacions\/\" \/>\n<meta property=\"og:locale\" content=\"ca_ES\" \/>\n<meta property=\"og:type\" content=\"article\" \/>\n<meta property=\"og:title\" content=\"Les nostres instal\u00b7lacions - Tallers Ca&#039;n Biel\" \/>\n<meta property=\"og:url\" content=\"https:\/\/tallerscanbiel.com\/ca\/empresa\/les-nostres-installacions\/\" \/>\n<meta property=\"og:site_name\" content=\"Tallers Ca&#039;n Biel\" \/>\n<meta property=\"article:modified_time\" content=\"2014-03-25T12:40:41+00:00\" \/>\n<script type=\"application\/ld+json\" class=\"yoast-schema-graph\">{\"@context\":\"https:\/\/schema.org\",\"@graph\":[{\"@type\":\"WebPage\",\"@id\":\"https:\/\/tallerscanbiel.com\/ca\/empresa\/les-nostres-installacions\/\",\"url\":\"https:\/\/tallerscanbiel.com\/ca\/empresa\/les-nostres-installacions\/\",\"name\":\"Les nostres instal\u00b7lacions - Tallers Ca&#039;n Biel\",\"isPartOf\":{\"@id\":\"https:\/\/tallerscanbiel.com\/#website\"},\"datePublished\":\"2013-12-17T12:05:39+00:00\",\"dateModified\":\"2014-03-25T12:40:41+00:00\",\"breadcrumb\":{\"@id\":\"https:\/\/tallerscanbiel.com\/ca\/empresa\/les-nostres-installacions\/#breadcrumb\"},\"inLanguage\":\"ca\",\"potentialAction\":[{\"@type\":\"ReadAction\",\"target\":[\"https:\/\/tallerscanbiel.com\/ca\/empresa\/les-nostres-installacions\/\"]}]},{\"@type\":\"BreadcrumbList\",\"@id\":\"https:\/\/tallerscanbiel.com\/ca\/empresa\/les-nostres-installacions\/#breadcrumb\",\"itemListElement\":[{\"@type\":\"ListItem\",\"position\":1,\"name\":\"Home\",\"item\":\"https:\/\/tallerscanbiel.com\/ca\/\"},{\"@type\":\"ListItem\",\"position\":2,\"name\":\"Taller Ca&#8217;n Biel\",\"item\":\"https:\/\/tallerscanbiel.com\/ca\/empresa\/\"},{\"@type\":\"ListItem\",\"position\":3,\"name\":\"Les nostres instal\u00b7lacions\"}]},{\"@type\":\"WebSite\",\"@id\":\"https:\/\/tallerscanbiel.com\/#website\",\"url\":\"https:\/\/tallerscanbiel.com\/\",\"name\":\"Tallers Ca&#039;n Biel\",\"description\":\"Inca - Loseta\",\"potentialAction\":[{\"@type\":\"SearchAction\",\"target\":{\"@type\":\"EntryPoint\",\"urlTemplate\":\"https:\/\/tallerscanbiel.com\/?s={search_term_string}\"},\"query-input\":{\"@type\":\"PropertyValueSpecification\",\"valueRequired\":true,\"valueName\":\"search_term_string\"}}],\"inLanguage\":\"ca\"}]}<\/script>\n<!-- \/ Yoast SEO plugin. -->","yoast_head_json":{"title":"Les nostres instal\u00b7lacions - Tallers Ca&#039;n Biel","robots":{"index":"index","follow":"follow","max-snippet":"max-snippet:-1","max-image-preview":"max-image-preview:large","max-video-preview":"max-video-preview:-1"},"canonical":"https:\/\/tallerscanbiel.com\/ca\/empresa\/les-nostres-installacions\/","og_locale":"ca_ES","og_type":"article","og_title":"Les nostres instal\u00b7lacions - Tallers Ca&#039;n Biel","og_url":"https:\/\/tallerscanbiel.com\/ca\/empresa\/les-nostres-installacions\/","og_site_name":"Tallers Ca&#039;n Biel","article_modified_time":"2014-03-25T12:40:41+00:00","schema":{"@context":"https:\/\/schema.org","@graph":[{"@type":"WebPage","@id":"https:\/\/tallerscanbiel.com\/ca\/empresa\/les-nostres-installacions\/","url":"https:\/\/tallerscanbiel.com\/ca\/empresa\/les-nostres-installacions\/","name":"Les nostres instal\u00b7lacions - Tallers Ca&#039;n Biel","isPartOf":{"@id":"https:\/\/tallerscanbiel.com\/#website"},"datePublished":"2013-12-17T12:05:39+00:00","dateModified":"2014-03-25T12:40:41+00:00","breadcrumb":{"@id":"https:\/\/tallerscanbiel.com\/ca\/empresa\/les-nostres-installacions\/#breadcrumb"},"inLanguage":"ca","potentialAction":[{"@type":"ReadAction","target":["https:\/\/tallerscanbiel.com\/ca\/empresa\/les-nostres-installacions\/"]}]},{"@type":"BreadcrumbList","@id":"https:\/\/tallerscanbiel.com\/ca\/empresa\/les-nostres-installacions\/#breadcrumb","itemListElement":[{"@type":"ListItem","position":1,"name":"Home","item":"https:\/\/tallerscanbiel.com\/ca\/"},{"@type":"ListItem","position":2,"name":"Taller Ca&#8217;n Biel","item":"https:\/\/tallerscanbiel.com\/ca\/empresa\/"},{"@type":"ListItem","position":3,"name":"Les nostres instal\u00b7lacions"}]},{"@type":"WebSite","@id":"https:\/\/tallerscanbiel.com\/#website","url":"https:\/\/tallerscanbiel.com\/","name":"Tallers Ca&#039;n Biel","description":"Inca - Loseta","potentialAction":[{"@type":"SearchAction","target":{"@type":"EntryPoint","urlTemplate":"https:\/\/tallerscanbiel.com\/?s={search_term_string}"},"query-input":{"@type":"PropertyValueSpecification","valueRequired":true,"valueName":"search_term_string"}}],"inLanguage":"ca"}]}},"_links":{"self":[{"href":"https:\/\/tallerscanbiel.com\/ca\/wp-json\/wp\/v2\/pages\/367","targetHints":{"allow":["GET"]}}],"collection":[{"href":"https:\/\/tallerscanbiel.com\/ca\/wp-json\/wp\/v2\/pages"}],"about":[{"href":"https:\/\/tallerscanbiel.com\/ca\/wp-json\/wp\/v2\/types\/page"}],"author":[{"embeddable":true,"href":"https:\/\/tallerscanbiel.com\/ca\/wp-json\/wp\/v2\/users\/1"}],"replies":[{"embeddable":true,"href":"https:\/\/tallerscanbiel.com\/ca\/wp-json\/wp\/v2\/comments?post=367"}],"version-history":[{"count":2,"href":"https:\/\/tallerscanbiel.com\/ca\/wp-json\/wp\/v2\/pages\/367\/revisions"}],"predecessor-version":[{"id":471,"href":"https:\/\/tallerscanbiel.com\/ca\/wp-json\/wp\/v2\/pages\/367\/revisions\/471"}],"up":[{"embeddable":true,"href":"https:\/\/tallerscanbiel.com\/ca\/wp-json\/wp\/v2\/pages\/166"}],"wp:attachment":[{"href":"https:\/\/tallerscanbiel.com\/ca\/wp-json\/wp\/v2\/media?parent=367"}],"curies":[{"name":"wp","href":"https:\/\/api.w.org\/{rel}","templated":true}]}}